{"id":3387,"date":"2026-04-23T12:06:19","date_gmt":"2026-04-23T12:06:19","guid":{"rendered":"https:\/\/www.lakeside.brussels\/faqs\/"},"modified":"2026-04-29T11:59:39","modified_gmt":"2026-04-29T11:59:39","slug":"faqs","status":"publish","type":"page","link":"https:\/\/www.lakeside.brussels\/fr\/faqs\/","title":{"rendered":"FAQs"},"content":{"rendered":"<p>[et_pb_section fb_built=\u00a0\u00bb1&Prime; admin_label=\u00a0\u00bbintro\u00a0\u00bb module_class=\u00a0\u00bbs-overlay _arc-top\u00a0\u00bb _builder_version=\u00a0\u00bb4.20.2&Prime; _module_preset=\u00a0\u00bbdefault\u00a0\u00bb background_enable_image=\u00a0\u00bboff\u00a0\u00bb min_height=\u00a0\u00bb100vh\u00a0\u00bb custom_padding=\u00a0\u00bb0px|0px|0px|0px|false|false\u00a0\u00bb custom_css_main_element=\u00a0\u00bbdisplay: flex;||flex-direction: column;\u00a0\u00bb locked=\u00a0\u00bboff\u00a0\u00bb global_colors_info=\u00a0\u00bb{}\u00a0\u00bb][et_pb_row custom_padding_last_edited=\u00a0\u00bbon|phone\u00a0\u00bb disabled_on=\u00a0\u00bboff|off|off\u00a0\u00bb admin_label=\u00a0\u00bbRij\u00a0\u00bb module_class=\u00a0\u00bbuw-row\u00a0\u00bb _builder_version=\u00a0\u00bb4.20.2&Prime; _module_preset=\u00a0\u00bbdefault\u00a0\u00bb width=\u00a0\u00bb100%\u00a0\u00bb max_width=\u00a0\u00bb1200px\u00a0\u00bb custom_padding=\u00a0\u00bb|30px||30px|false|false\u00a0\u00bb custom_padding_tablet=\u00a0\u00bb|30px||30px|false|false\u00a0\u00bb custom_padding_phone=\u00a0\u00bb|20px||20px|false|false\u00a0\u00bb global_colors_info=\u00a0\u00bb{}\u00a0\u00bb][et_pb_column type=\u00a0\u00bb4_4&Prime; _builder_version=\u00a0\u00bb4.20.2&Prime; _module_preset=\u00a0\u00bbdefault\u00a0\u00bb global_colors_info=\u00a0\u00bb{}\u00a0\u00bb][et_pb_text _builder_version=\u00a0\u00bb4.20.2&Prime; _module_preset=\u00a0\u00bbdefault\u00a0\u00bb header_font=\u00a0\u00bbGeneralSans-Light|300||on|||||\u00a0\u00bb header_text_align=\u00a0\u00bbcenter\u00a0\u00bb header_text_color=\u00a0\u00bb#FFFBFA\u00a0\u00bb header_font_size=\u00a0\u00bb9rem\u00a0\u00bb custom_margin=\u00a0\u00bb||0.5rem||false|false\u00a0\u00bb custom_padding=\u00a0\u00bb||0px||false|false\u00a0\u00bb animation_direction=\u00a0\u00bbbottom\u00a0\u00bb header_font_size_tablet=\u00a0\u00bb6rem\u00a0\u00bb header_font_size_phone=\u00a0\u00bb3.5rem\u00a0\u00bb header_font_size_last_edited=\u00a0\u00bbon|tablet\u00a0\u00bb dsm_modules_custom_attribute_on_off=\u00a0\u00bbon\u00a0\u00bb dsm_custom_attributes_options=\u00a0\u00bb%91{%22value%22:%22fetchpriority%22,%22checked%22:1,%22dragID%22:-1,%22link_url%22:%22fetchpriority%22,%22link_text%22:%22high%22}%93&Prime; global_colors_info=\u00a0\u00bb{}\u00a0\u00bb]<\/p>\n<h1 fetchpriority=\"high\">Questions<\/h1>\n<p>[\/et_pb_text][\/et_pb_column][\/et_pb_row][et_pb_row custom_padding_last_edited=\u00a0\u00bbon|phone\u00a0\u00bb module_class=\u00a0\u00bbuw-row\u00a0\u00bb _builder_version=\u00a0\u00bb4.20.2&Prime; _module_preset=\u00a0\u00bbdefault\u00a0\u00bb positioning=\u00a0\u00bbabsolute\u00a0\u00bb position_origin_a=\u00a0\u00bbbottom_center\u00a0\u00bb z_index=\u00a0\u00bb3&Prime; width=\u00a0\u00bb100%\u00a0\u00bb max_width=\u00a0\u00bb1200px\u00a0\u00bb custom_padding=\u00a0\u00bb0px|0px|0px|0px|false|false\u00a0\u00bb custom_padding_tablet=\u00a0\u00bb|30px||30px|false|false\u00a0\u00bb custom_padding_phone=\u00a0\u00bb0px|0px|0px|0px|false|false\u00a0\u00bb global_colors_info=\u00a0\u00bb{}\u00a0\u00bb][et_pb_column type=\u00a0\u00bb4_4&Prime; _builder_version=\u00a0\u00bb4.20.2&Prime; _module_preset=\u00a0\u00bbdefault\u00a0\u00bb global_colors_info=\u00a0\u00bb{}\u00a0\u00bb][et_pb_code admin_label=\u00a0\u00bbCode\u00a0\u00bb _builder_version=\u00a0\u00bb4.20.2&Prime; _module_preset=\u00a0\u00bbdefault\u00a0\u00bb global_colors_info=\u00a0\u00bb{}\u00a0\u00bb]<\/p>\n<div class=\"v-red-line\"><\/div>\n<p>[\/et_pb_code][\/et_pb_column][\/et_pb_row][et_pb_row admin_label=\u00a0\u00bbbackground\u00a0\u00bb module_class=\u00a0\u00bbjs-fade-in\u00a0\u00bb _builder_version=\u00a0\u00bb4.20.2&Prime; _module_preset=\u00a0\u00bbdefault\u00a0\u00bb background_enable_color=\u00a0\u00bboff\u00a0\u00bb background_image=\u00a0\u00bbhttps:\/\/www.lakeside.brussels\/wp-content\/uploads\/2025\/04\/Treebune-TT-Towers_2500x1618.jpg\u00a0\u00bb positioning=\u00a0\u00bbabsolute\u00a0\u00bb width=\u00a0\u00bb100%\u00a0\u00bb max_width=\u00a0\u00bb100%\u00a0\u00bb min_height=\u00a0\u00bb100%\u00a0\u00bb custom_padding=\u00a0\u00bb0px|0px|0px|0px|false|false\u00a0\u00bb global_colors_info=\u00a0\u00bb{}\u00a0\u00bb][et_pb_column type=\u00a0\u00bb4_4&Prime; admin_label=\u00a0\u00bbKolom\u00a0\u00bb _builder_version=\u00a0\u00bb4.20.2&Prime; _module_preset=\u00a0\u00bbdefault\u00a0\u00bb global_colors_info=\u00a0\u00bb{}\u00a0\u00bb][\/et_pb_column][\/et_pb_row][\/et_pb_section][et_pb_section fb_built=\u00a0\u00bb1&Prime; _builder_version=\u00a0\u00bb4.20.2&Prime; _module_preset=\u00a0\u00bbdefault\u00a0\u00bb background_color=\u00a0\u00bb#FFFFFF\u00a0\u00bb global_colors_info=\u00a0\u00bb{}\u00a0\u00bb][et_pb_row _builder_version=\u00a0\u00bb4.20.2&Prime; _module_preset=\u00a0\u00bbdefault\u00a0\u00bb global_colors_info=\u00a0\u00bb{}\u00a0\u00bb][et_pb_column type=\u00a0\u00bb4_4&Prime; _builder_version=\u00a0\u00bb4.20.2&Prime; _module_preset=\u00a0\u00bbdefault\u00a0\u00bb global_colors_info=\u00a0\u00bb{}\u00a0\u00bb][et_pb_text _builder_version=\u00a0\u00bb4.20.2&Prime; _module_preset=\u00a0\u00bbdefault\u00a0\u00bb text_text_color=\u00a0\u00bb#2A3730&Prime; text_font_size=\u00a0\u00bb22px\u00a0\u00bb text_line_height=\u00a0\u00bb1.8em\u00a0\u00bb global_colors_info=\u00a0\u00bb{}\u00a0\u00bb]<\/p>\n<p style=\"text-align: center;\">Vous avez des questions sur le projet ? Sur cette page, tu trouveras d\u00e9j\u00e0 les r\u00e9ponses aux questions les plus fr\u00e9quemment pos\u00e9es. Vous avez pas trouv\u00e9 la r\u00e9ponse \u00e0 ta question sp\u00e9cifique ? Pose-la alors via <a href=\"mailto:info@lakeside.brussels\" style=\"color: #000;text-decoration: underline !important;\">info@lakeside.brussels<\/a>   <\/p>\n<p>[\/et_pb_text][et_pb_text admin_label=\u00a0\u00bbTekst\u00a0\u00bb module_class=\u00a0\u00bbtitle-mk\u00a0\u00bb _builder_version=\u00a0\u00bb4.20.2&Prime; _module_preset=\u00a0\u00bbdefault\u00a0\u00bb text_text_color=\u00a0\u00bb#2A3730&Prime; text_font_size=\u00a0\u00bb36px\u00a0\u00bb custom_margin=\u00a0\u00bb30px||||false|false\u00a0\u00bb custom_padding=\u00a0\u00bb50px||||false|false\u00a0\u00bb global_colors_info=\u00a0\u00bb{}\u00a0\u00bb]<\/p>\n<p style=\"text-align: center;\">Le projet<\/p>\n<p>[\/et_pb_text][et_pb_accordion open_toggle_text_color=\u00a0\u00bb#2A3730&Prime; open_toggle_background_color=\u00a0\u00bb#2A3730&Prime; closed_toggle_text_color=\u00a0\u00bb#2A3730&Prime; closed_toggle_background_color=\u00a0\u00bb#2A3730&Prime; icon_color=\u00a0\u00bb#2A3730&Prime; use_icon_font_size=\u00a0\u00bbon\u00a0\u00bb icon_font_size=\u00a0\u00bb29px\u00a0\u00bb _builder_version=\u00a0\u00bb4.20.2&Prime; _module_preset=\u00a0\u00bbdefault\u00a0\u00bb toggle_text_color=\u00a0\u00bb#2A3730&Prime; toggle_font_size=\u00a0\u00bb22px\u00a0\u00bb body_text_color=\u00a0\u00bb#2A3730&Prime; body_font_size=\u00a0\u00bb16px\u00a0\u00bb hover_enabled=\u00a0\u00bb0&Prime; border_color_all=\u00a0\u00bb#2A3730&Prime; global_colors_info=\u00a0\u00bb{}\u00a0\u00bb sticky_enabled=\u00a0\u00bb0&Prime;][et_pb_accordion_item title=\u00a0\u00bbEn quoi consiste Lake Side ? \u00a0\u00bb open=\u00a0\u00bbon\u00a0\u00bb _builder_version=\u00a0\u00bb4.20.2&Prime; _module_preset=\u00a0\u00bbdefault\u00a0\u00bb hover_enabled=\u00a0\u00bb0&Prime; global_colors_info=\u00a0\u00bb{}\u00a0\u00bb sticky_enabled=\u00a0\u00bb0&Prime;]<\/p>\n<p>Lake Side en r\u00e9sum\u00e9, c&rsquo;est :<\/p>\n<ul>\n<li>670 appartements (dont \u00b1 25 % serviront comme logements sociaux et conventionn\u00e9s)<\/li>\n<li>100 unit\u00e9s de cohabitation<\/li>\n<li>5% d\u2019\u00e9quipements publics, dont une partie (\u00b1 1.000 m<sup>2<\/sup>) mise \u00e0 disposition d\u2019initiatives sociales du quartier.<\/li>\n<li>\u00b1 1,5 % de fonctions commerciales<\/li>\n<li>\u00b1 28 % d&rsquo;espaces de bureaux<\/li>\n<li>\u00b1 485 places de stationnement souterraines<\/li>\n<li>\u00b1 2.000 parkings \u00e0 v\u00e9los<\/li>\n<li>139.099 m<sup>2<\/sup> superficie totale<\/li>\n<\/ul>\n<p>[\/et_pb_accordion_item][et_pb_accordion_item title=\u00a0\u00bbPourquoi Lake Side est n\u00e9cessaire ?\u00a0\u00bb _builder_version=\u00a0\u00bb4.20.2&Prime; _module_preset=\u00a0\u00bbdefault\u00a0\u00bb global_colors_info=\u00a0\u00bb{}\u00a0\u00bb open=\u00a0\u00bboff\u00a0\u00bb]<\/p>\n<p class=\"p1\">Lake Side constitue <strong>l\u2019\u00e9l\u00e9ment final<\/strong> du r\u00e9am\u00e9nagement de Tour &amp; Taxis <strong>en un quartier urbain anim\u00e9<\/strong>. La venue de nouveaux habitants et visiteurs apporte <strong>un dynamisme suppl\u00e9mentaire au quartier<\/strong> et stimule de <strong>nouvelles initiatives<\/strong> qui renforcent le quartier. Le projet offre <strong>un lieu ouvert et accessible o\u00f9 chacun peut se sentir chez soi <\/strong>et o\u00f9 il y a de la place pour le d\u00e9veloppement, la d\u00e9tente et les rencontres. De plus, toutes les commodit\u00e9s n\u00e9cessaires aux r\u00e9sidents et aux visiteurs se trouvent \u00e0 deux pas. Cela s&rsquo;inscrit parfaitement dans le concept de <strong>\u00ab ville des 15 minutes \u00bb<\/strong>, o\u00f9 toutes les commodit\u00e9s essentielles sont accessibles en moins de 15 minutes \u00e0 pied ou \u00e0 v\u00e9lo. Lake Side compl\u00e8te ainsi la transformation de Tour &amp; Taxis en un <strong>quartier urbain<\/strong> \u00e0 part enti\u00e8re et anim\u00e9.     <\/p>\n<p>[\/et_pb_accordion_item][et_pb_accordion_item title=\u00a0\u00bbDe quelle mani\u00e8re Lake Side mise sur l&rsquo;aspect social et humain ?\u00a0\u00bb _builder_version=\u00a0\u00bb4.20.2&Prime; _module_preset=\u00a0\u00bbdefault\u00a0\u00bb hover_enabled=\u00a0\u00bb0&Prime; global_colors_info=\u00a0\u00bb{}\u00a0\u00bb open=\u00a0\u00bboff\u00a0\u00bb sticky_enabled=\u00a0\u00bb0&Prime;]<\/p>\n<p class=\"p1\">Tour &amp; Taxis met d\u00e9j\u00e0 beaucoup d&rsquo;<strong>espace \u00e0 disposition d&rsquo;initiatives sociales<\/strong>. Des ASBL, \u00e9coles et associations peuvent <strong>utiliser des espaces sur le site, de mani\u00e8re permanente ou temporaire<\/strong>, pour d\u00e9velopper leurs activit\u00e9s. <strong>Lake Side offrira encore plus d&rsquo;espace<\/strong> pour des initiatives sociales. Nextensa \u00e9tablira d&rsquo;ailleurs <strong>une charte \u00e0 cet effet, en concertation avec des associations (locales)<\/strong>. Lake Side investit \u00e9galement dans le <strong>capital humain<\/strong> en cr\u00e9ant un environnement inclusif et vivant, notamment par le biais de <strong>logements sociaux et conventionn\u00e9s<\/strong> et en misant sur la <strong>coh\u00e9sion sociale et les opportunit\u00e9s pour la communaut\u00e9 locale<\/strong>. Nous cr\u00e9ons ainsi un <strong>site dynamique qui favorise les rencontres<\/strong> et contribue \u00e0 renforcer le <strong>sentiment d&rsquo;appartenance \u00e0 la communaut\u00e9<\/strong>.<\/p>\n<p>[\/et_pb_accordion_item][et_pb_accordion_item title=\u00a0\u00bbY aura-t-il des logements sociaux ? \u00a0\u00bb _builder_version=\u00a0\u00bb4.20.2&Prime; _module_preset=\u00a0\u00bbdefault\u00a0\u00bb global_colors_info=\u00a0\u00bb{}\u00a0\u00bb open=\u00a0\u00bboff\u00a0\u00bb]<\/p>\n<p class=\"p1\"><span>Lake Side pr\u00e9voit 166 logements conventionn\u00e9s. La commercialisation et le contr\u00f4le du respect des conditions se font en collaboration avec l\u2019op\u00e9rateur public Citydev.Brussels. <\/span><span lang=\"NL\"> Ces logements auront la m\u00eame qualit\u00e9 spatiale et architecturale que les autres, et aucune diff\u00e9rence ne sera perceptible au niveau des fa\u00e7ades, menuiseries, espaces ext\u00e9rieurs, etc.<\/span><\/p>\n<p>[\/et_pb_accordion_item][et_pb_accordion_item title=\u00a0\u00bbComment Nextensa mise-t-elle sur la durabilit\u00e9 avec Lake Side ?\u00a0\u00bb _builder_version=\u00a0\u00bb4.20.2&Prime; _module_preset=\u00a0\u00bbdefault\u00a0\u00bb global_colors_info=\u00a0\u00bb{}\u00a0\u00bb open=\u00a0\u00bboff\u00a0\u00bb]<\/p>\n<p>La durabilit\u00e9 est au c\u0153ur de tous les projets de Nextensa, et en particulier de Lake Side.<br \/>Avant tout, nous veillons \u00e0 ce que les b\u00e2timents de Lake Side soient aussi \u00e9co\u00e9nerg\u00e9tiques que possible. Nous n\u2019utilisons pas de combustibles fossiles, mais des installations g\u00e9othermiques et des pompes \u00e0 chaleur qui assurent le chauffage en hiver et le refroidissement en \u00e9t\u00e9.<br \/>L\u2019\u00e9nergie n\u00e9cessaire provient de panneaux solaires et est compl\u00e9t\u00e9e par l\u2019achat d\u2019\u00e9lectricit\u00e9 verte, assortie de garanties d\u2019origine provenant de sources renouvelables. De cette mani\u00e8re, nous visons \u00e0 r\u00e9duire au minimum les \u00e9missions de CO\u2082 des b\u00e2timents.<br \/>Lors de la conception de Lake Side, les sc\u00e9narios futurs de changement climatique ont \u00e9t\u00e9 pris en compte afin que les b\u00e2timents soient r\u00e9silients face \u00e0 leur impact.       <\/p>\n<p class=\"p1\">Par ailleurs, une grande attention est accord\u00e9e \u00e0 la gestion de l\u2019eau. Toute l\u2019eau de pluie est retenue dans les toitures v\u00e9g\u00e9talis\u00e9es et collect\u00e9e dans de grands r\u00e9servoirs afin d\u2019\u00eatre r\u00e9utilis\u00e9e pour l\u2019am\u00e9nagement paysager ou pour les sanitaires. <strong> En cas d\u2019exc\u00e8s, le trop-plein s\u2019\u00e9coule directement vers le canal, <\/strong> sans surcharger le r\u00e9seau d\u2019\u00e9gouts. Et pour couronner le tout : un vaste espace vert central (\u00ab courtyard \u00bb), \u00e9quivalent \u00e0 la superficie d\u2019un terrain de football, viendra compl\u00e9ter les zones vertes existantes et nouvelles, pour offrir au total 9 hectares de verdure sur l\u2019ensemble du site. <\/p>\n<p>[\/et_pb_accordion_item][et_pb_accordion_item title=\u00a0\u00bbQui sont les partenaires qui ont travaill\u00e9 sur le projet ?\u00a0\u00bb _builder_version=\u00a0\u00bb4.20.2&Prime; _module_preset=\u00a0\u00bbdefault\u00a0\u00bb global_colors_info=\u00a0\u00bb{}\u00a0\u00bb open=\u00a0\u00bboff\u00a0\u00bb]<\/p>\n<p class=\"p1\">Les diff\u00e9rents partenaires qui ont collabor\u00e9 au projet sont :<\/p>\n<ul class=\"ul1\">\n<li class=\"li2\"><span class=\"s1\">D\u00e9veloppeur : Nextensa<\/span><\/li>\n<li class=\"li2\"><span class=\"s1\">Masterplanning : MVRDV \u2013 Rotterdam<\/span><\/li>\n<li class=\"li2\"><span class=\"s1\">Architectes :<\/span><\/li>\n<ul class=\"ul1\">\n<li class=\"li2\"><span class=\"s1\">HUB \u2013 Anvers<\/span><\/li>\n<li class=\"li2\"><span class=\"s1\">Polo Architects \u2013 Antvers<\/span><\/li>\n<li class=\"li2\"><span class=\"s1\">Binst Architects \u2013 Anvers<\/span><\/li>\n<li class=\"li2\"><span class=\"s1\">Effekt \u2013 Copenhague<\/span><\/li>\n<li class=\"li2\"><span class=\"s1\">Cobe \u2013 Copenhague<\/span><\/li>\n<li class=\"li2\"><span class=\"s1\">3XN \u2013 Copenhague<\/span><\/li>\n<li class=\"li2\"><span class=\"s1\">MVRDV \u2013 Rotterdam<\/span><\/li>\n<\/ul>\n<li class=\"li2\"><span class=\"s1\">Architecte ex\u00e9cutant et coordinateur : Bureau Bouwtechniek \u2013 Anvers<\/span><\/li>\n<li class=\"li2\"><span class=\"s1\">Architecte paysagiste : Bureau Bas Smets \u2013 Bruxelles<\/span><\/li>\n<li class=\"li2\"><span class=\"s1\">Bureau de stabilit\u00e9 : Ney &amp; Partners + WOW<\/span><\/li>\n<li class=\"li2\"><span class=\"s1\">Bureau d&rsquo;\u00e9tudes techniques sp\u00e9cialis\u00e9es : CES \u2013 Asse<\/span><\/li>\n<li class=\"li2\"><span class=\"s1\">Bureau d&rsquo;\u00e9tudes acoustique : De Fonseca \u2013 Grimbergen<\/span><\/li>\n<li class=\"li3\">Coordinateur s\u00e9curit\u00e9 : V.E.T.O. &amp; Partners<\/li>\n<li class=\"li3\">Entrepreneur : MBG &#8211; CIT Blaton<\/li>\n<\/ul>\n<p>[\/et_pb_accordion_item][\/et_pb_accordion][et_pb_text admin_label=\u00a0\u00bbTekst\u00a0\u00bb module_class=\u00a0\u00bbtitle-mk\u00a0\u00bb _builder_version=\u00a0\u00bb4.20.2&Prime; _module_preset=\u00a0\u00bbdefault\u00a0\u00bb text_text_color=\u00a0\u00bb#2A3730&Prime; text_font_size=\u00a0\u00bb36px\u00a0\u00bb custom_margin=\u00a0\u00bb30px||||false|false\u00a0\u00bb custom_padding=\u00a0\u00bb50px||||false|false\u00a0\u00bb global_colors_info=\u00a0\u00bb{}\u00a0\u00bb]<\/p>\n<p style=\"text-align: center;\">Travaux et procedures<\/p>\n<p>[\/et_pb_text][et_pb_accordion open_toggle_text_color=\u00a0\u00bb#2A3730&Prime; open_toggle_background_color=\u00a0\u00bb#2A3730&Prime; closed_toggle_text_color=\u00a0\u00bb#2A3730&Prime; closed_toggle_background_color=\u00a0\u00bb#2A3730&Prime; icon_color=\u00a0\u00bb#2A3730&Prime; use_icon_font_size=\u00a0\u00bbon\u00a0\u00bb icon_font_size=\u00a0\u00bb29px\u00a0\u00bb admin_label=\u00a0\u00bbAccordeon\u00a0\u00bb _builder_version=\u00a0\u00bb4.20.2&Prime; _module_preset=\u00a0\u00bbdefault\u00a0\u00bb toggle_text_color=\u00a0\u00bb#2A3730&Prime; toggle_font_size=\u00a0\u00bb22px\u00a0\u00bb body_text_color=\u00a0\u00bb#2A3730&Prime; body_font_size=\u00a0\u00bb16px\u00a0\u00bb hover_enabled=\u00a0\u00bb0&Prime; border_color_all=\u00a0\u00bb#2A3730&Prime; global_colors_info=\u00a0\u00bb{}\u00a0\u00bb sticky_enabled=\u00a0\u00bb0&Prime;][et_pb_accordion_item title=\u00a0\u00bbQuand commencent les travaux ?\u00a0\u00bb open=\u00a0\u00bbon\u00a0\u00bb _builder_version=\u00a0\u00bb4.20.2&Prime; _module_preset=\u00a0\u00bbdefault\u00a0\u00bb global_colors_info=\u00a0\u00bb{}\u00a0\u00bb]<\/p>\n<p>Maintenant que le permis a \u00e9t\u00e9 d\u00e9livr\u00e9, les travaux peuvent commencer. Les travaux pr\u00e9paratoires ne n\u00e9cessitant pas de permis d\u00e9butent en mars 2026. Il s\u2019agit notamment de l\u2019installation des cl\u00f4tures de chantier, de la r\u00e9organisation des parkings souterrains et des entr\u00e9es associ\u00e9es, ainsi que du d\u00e9placement de conduites de services. <\/p>\n<p class=\"p1\">\u00c0 partir de l\u2019\u00e9t\u00e9 d\u00e9buteront les travaux de terrassement et l\u2019\u00e9vacuation des terres. Ces travaux n\u00e9cessitent un permis et marquent le v\u00e9ritable d\u00e9but du chantier.<\/p>\n<p>[\/et_pb_accordion_item][et_pb_accordion_item title=\u00a0\u00bbCombien de temps dureront les travaux ?\u00a0\u00bb _builder_version=\u00a0\u00bb4.20.2&Prime; _module_preset=\u00a0\u00bbdefault\u00a0\u00bb global_colors_info=\u00a0\u00bb{}\u00a0\u00bb open=\u00a0\u00bboff\u00a0\u00bb]<\/p>\n<p>La fin des travaux est pr\u00e9vue pour 2034. <\/p>\n<p>Pendant la phase de chantier, il est essentiel pour nous de limiter au maximum les nuisances pour le voisinage et les passants. Nextensa prendra \u00e0 cet effet les mesures suivantes : <\/p>\n<ul>\n<li>toutes les parties prenantes seront inform\u00e9es en temps utile des informations importantes concernant le chantier via le site internet, la newsletter et\/ou des supports physiques (sur place), toujours avec des informations transparentes et correctes.<\/li>\n<li>Nous pr\u00e9voyons un point de contact pour assurer le suivi direct des plaintes (par t\u00e9l\u00e9phone et par e-mail \u00e0 info@lakeside.brussels).<\/li>\n<li>We letten op de netheid van de werf, inclusief van werf-in- en uitritten.<\/li>\n<li>Nous veillons \u00e0 la propret\u00e9 du chantier, y compris de ses entr\u00e9es et sorties.<\/li>\n<li>Nous essayons toujours d&rsquo;assurer l&rsquo;accessibilit\u00e9 du site pour les pi\u00e9tons et les cyclistes.<\/li>\n<li>Nous installons des barri\u00e8res de s\u00e9curit\u00e9 sur le chantier.<\/li>\n<li>Nous concluons des accords contraignants avec nos sous-traitants.<\/li>\n<\/ul>\n<p>[\/et_pb_accordion_item][et_pb_accordion_item title=\u00a0\u00bbComment puis-je rester inform\u00e9 de l&rsquo;\u00e9volution du projet ?\u00a0\u00bb _builder_version=\u00a0\u00bb4.20.2&Prime; _module_preset=\u00a0\u00bbdefault\u00a0\u00bb hover_enabled=\u00a0\u00bb0&Prime; global_colors_info=\u00a0\u00bb{}\u00a0\u00bb open=\u00a0\u00bboff\u00a0\u00bb sticky_enabled=\u00a0\u00bb0&Prime;]<\/p>\n<p class=\"p1\">Nextensa s&rsquo;engage \u00e0 informer le quartier en temps utile et en toute transparence de l&rsquo;\u00e9tat d&rsquo;avancement du projet. Nous mettrons r\u00e9guli\u00e8rement \u00e0 jour le site internet et enverrons une newsletter contenant les derni\u00e8res informations importantes.<\/p>\n<p>[\/et_pb_accordion_item][et_pb_accordion_item title=\u00a0\u00bb\u00c0 quoi ressemble le planning global des travaux ? \u00a0\u00bb _builder_version=\u00a0\u00bb4.20.2&Prime; _module_preset=\u00a0\u00bbdefault\u00a0\u00bb global_colors_info=\u00a0\u00bb{}\u00a0\u00bb open=\u00a0\u00bboff\u00a0\u00bb]<\/p>\n<p class=\"p1\">Les premiers b\u00e2timents sur lesquels nous travaillons sont Treebune et les Tour &amp; Taxis Towers. <span>Il s\u2019agit des tours de bureaux o\u00f9 Proximus s\u2019installera \u00e0 partir de 2028. La Tour de bureaux dans laquelle Proximus devrait s\u2019installer en 2029, ainsi que la tour r\u00e9sidentielle, se situent en zone A. <\/span> \u00c0 partir de 2029, une deuxi\u00e8me phase commencera, avec le d\u00e9marrage de la construction de la zone B et des b\u00e2timents r\u00e9sidentiels.<\/p>\n<p>[\/et_pb_accordion_item][\/et_pb_accordion][et_pb_text admin_label=\u00a0\u00bbTekst\u00a0\u00bb module_class=\u00a0\u00bbtitle-mk\u00a0\u00bb _builder_version=\u00a0\u00bb4.20.2&Prime; _module_preset=\u00a0\u00bbdefault\u00a0\u00bb text_text_color=\u00a0\u00bb#2A3730&Prime; text_font_size=\u00a0\u00bb36px\u00a0\u00bb custom_margin=\u00a0\u00bb30px||||false|false\u00a0\u00bb custom_padding=\u00a0\u00bb50px||||false|false\u00a0\u00bb global_colors_info=\u00a0\u00bb{}\u00a0\u00bb]<\/p>\n<p style=\"text-align: center;\">L&rsquo;environnement<\/p>\n<p>[\/et_pb_text][et_pb_accordion open_toggle_text_color=\u00a0\u00bb#2A3730&Prime; open_toggle_background_color=\u00a0\u00bb#2A3730&Prime; closed_toggle_text_color=\u00a0\u00bb#2A3730&Prime; closed_toggle_background_color=\u00a0\u00bb#2A3730&Prime; icon_color=\u00a0\u00bb#2A3730&Prime; use_icon_font_size=\u00a0\u00bbon\u00a0\u00bb icon_font_size=\u00a0\u00bb29px\u00a0\u00bb _builder_version=\u00a0\u00bb4.20.2&Prime; _module_preset=\u00a0\u00bbdefault\u00a0\u00bb toggle_text_color=\u00a0\u00bb#2A3730&Prime; toggle_font_size=\u00a0\u00bb22px\u00a0\u00bb body_text_color=\u00a0\u00bb#2A3730&Prime; body_font_size=\u00a0\u00bb16px\u00a0\u00bb hover_enabled=\u00a0\u00bb0&Prime; border_color_all=\u00a0\u00bb#2A3730&Prime; global_colors_info=\u00a0\u00bb{}\u00a0\u00bb sticky_enabled=\u00a0\u00bb0&Prime;][et_pb_accordion_item title=\u00a0\u00bbLe site (et ses environs) restera-t-il accessible ?\u00a0\u00bb open=\u00a0\u00bbon\u00a0\u00bb _builder_version=\u00a0\u00bb4.20.2&Prime; _module_preset=\u00a0\u00bbdefault\u00a0\u00bb global_colors_info=\u00a0\u00bb{}\u00a0\u00bb]<\/p>\n<p>Il est tr\u00e8s important pour Nextensa que le <strong>site et ses commodit\u00e9s restent ouverts et accessibles<\/strong> <strong>\u00e0 tous<\/strong>, des riverains aux visiteurs et aux passants. Cela est \u00e9galement valable avec le d\u00e9veloppement de Lake Side. C&rsquo;est en effet gr\u00e2ce aux visiteurs du site que Tour &amp; Taxis peut \u00eatre le lieu magnifique et anim\u00e9 qu&rsquo;il est aujourd&rsquo;hui. C&rsquo;est pourquoi Nextensa continue \u00e0 miser sur <strong>une connexion renforc\u00e9e entre Tour &amp; Taxis et son environnement en cr\u00e9ant de nouveaux acc\u00e8s<\/strong>. Citons par exemple le r\u00e9cent am\u00e9nagement du <strong>square Laekenveld<\/strong> et de son acc\u00e8s au parc. Ou encore la <strong>Dr\u00e8ve du Parc<\/strong> et la <strong>Dr\u00e8ve Anna Boch<\/strong>, qui seront bient\u00f4t remises \u00e0 la Ville de Bruxelles.     <\/p>\n<p class=\"p3\">Pendant les travaux, une partie des liaisons cyclables et pi\u00e9tonnes sera ferm\u00e9e en raison des cl\u00f4tures de chantier. Les cyclistes et les pi\u00e9tons seront d\u00e9vi\u00e9s vers d\u2019autres itin\u00e9raires au sein du site. <\/p>\n<p>[\/et_pb_accordion_item][et_pb_accordion_item title=\u00a0\u00bbQu&rsquo;en est-il de la mobilit\u00e9 sur et autour du site Lake Side ?\u00a0\u00bb _builder_version=\u00a0\u00bb4.20.2&Prime; _module_preset=\u00a0\u00bbdefault\u00a0\u00bb hover_enabled=\u00a0\u00bb0&Prime; global_colors_info=\u00a0\u00bb{}\u00a0\u00bb open=\u00a0\u00bboff\u00a0\u00bb sticky_enabled=\u00a0\u00bb0&Prime;]<\/p>\n<p>Avec Lake Side et Tour &amp; Taxis en g\u00e9n\u00e9ral, nous misons fortement sur la mobilit\u00e9 douce, sur et autour du site. La circulation automobile est dirig\u00e9e vers un nouveau parking souterrain de 487 places. 2 056 places de stationnement suppl\u00e9mentaires pour v\u00e9los sont pr\u00e9vues, ainsi que des installations pour la mobilit\u00e9 partag\u00e9e et des bornes de recharge aliment\u00e9es par des panneaux solaires.<\/p>\n<p>De plus, le site est <strong>accessible par plusieurs moyens de transport <\/strong>(m\u00e9tro, train, bus et navettes), ce qui contribue \u00e0 la qualit\u00e9 de vie et \u00e0 la durabilit\u00e9 du quartier. <strong>Pendant la phase de construction<\/strong>, des <strong>solutions de transport<\/strong> seront <strong>\u00e9galement<\/strong> recherch\u00e9es afin d&rsquo;\u00e9viter les nuisances et la pollution li\u00e9es au trafic dans le quartier.<\/p>\n<p>[\/et_pb_accordion_item][et_pb_accordion_item title=\u00a0\u00bbLe parc Tour &#038; Taxis va-t-il \u00eatre r\u00e9duit avec l&rsquo;arriv\u00e9e de Lake Side ?\u00a0\u00bb _builder_version=\u00a0\u00bb4.20.2&Prime; _module_preset=\u00a0\u00bbdefault\u00a0\u00bb hover_enabled=\u00a0\u00bb0&Prime; global_colors_info=\u00a0\u00bb{}\u00a0\u00bb open=\u00a0\u00bboff\u00a0\u00bb sticky_enabled=\u00a0\u00bb0&Prime;]<\/p>\n<p class=\"p1\">Le <strong>parc<\/strong> <strong>sera bien s\u00fbr enti\u00e8rement conserv\u00e9<\/strong>. Mieux encore, Lake Side permettra d&rsquo;<strong>augmenter la surface verte<\/strong> du site. Au total, le site enti\u00e8rement d\u00e9velopp\u00e9 comptera <strong>9 hectares<\/strong> d&rsquo;espaces verts.<\/p>\n<p>[\/et_pb_accordion_item][\/et_pb_accordion][\/et_pb_column][\/et_pb_row][\/et_pb_section]<\/p>\n","protected":false},"excerpt":{"rendered":"<p>QuestionsVous avez des questions sur le projet ? Sur cette page, tu trouveras d\u00e9j\u00e0 les r\u00e9ponses aux questions les plus fr\u00e9quemment pos\u00e9es. Vous avez pas trouv\u00e9 la r\u00e9ponse \u00e0 ta question sp\u00e9cifique ? Pose-la alors via info@lakeside.brussels Le projetLake Side en r\u00e9sum\u00e9, c&rsquo;est : 670 appartements (dont \u00b1 25 % serviront comme logements sociaux et conventionn\u00e9s) 100 unit\u00e9s de cohabitation 5% d\u2019\u00e9quipements publics, dont une partie (\u00b1 1.000 m2) mise \u00e0 disposition d\u2019initiatives sociales du quartier. \u00b1 1,5 % de fonctions commerciales \u00b1 28 % d&rsquo;espaces de bureaux \u00b1 485 places de stationnement souterraines \u00b1 2.000 parkings \u00e0 v\u00e9los 139.099 m2 superficie totale Lake Side constitue l\u2019\u00e9l\u00e9ment final du r\u00e9am\u00e9nagement de Tour &amp; Taxis en un quartier urbain anim\u00e9. La venue de nouveaux habitants et visiteurs apporte un dynamisme suppl\u00e9mentaire au quartier et stimule de nouvelles initiatives qui renforcent le quartier. Le projet offre un lieu ouvert et accessible o\u00f9 chacun peut se sentir chez soi et o\u00f9 il y a de la place pour le d\u00e9veloppement, la d\u00e9tente et les rencontres. De plus, toutes les commodit\u00e9s n\u00e9cessaires aux r\u00e9sidents et aux visiteurs se trouvent \u00e0 deux pas. Cela s&rsquo;inscrit parfaitement dans le concept de \u00ab ville des 15 minutes [&hellip;]<\/p>\n","protected":false},"author":5,"featured_media":0,"parent":0,"menu_order":0,"comment_status":"closed","ping_status":"closed","template":"","meta":{"_acf_changed":false,"_et_pb_use_builder":"on","_et_pb_old_content":"","_et_gb_content_width":"","inline_featured_image":false,"footnotes":"","_links_to":"","_links_to_target":""},"dipi_cpt_category":[],"class_list":["post-3387","page","type-page","status-publish","hentry"],"acf":[],"yoast_head":"<!-- This site is optimized with the Yoast SEO plugin v27.5 - https:\/\/yoast.com\/product\/yoast-seo-wordpress\/ -->\n<title>FAQs - Lakeside Brussels<\/title>\n<meta name=\"robots\" content=\"index, follow, max-snippet:-1, max-image-preview:large, max-video-preview:-1\" \/>\n<link rel=\"canonical\" href=\"https:\/\/www.lakeside.brussels\/vragen\/\" \/>\n<meta property=\"og:locale\" content=\"fr_FR\" \/>\n<meta property=\"og:type\" content=\"article\" \/>\n<meta property=\"og:title\" content=\"FAQs - Lakeside Brussels\" \/>\n<meta property=\"og:description\" content=\"QuestionsVous avez des questions sur le projet ? Sur cette page, tu trouveras d\u00e9j\u00e0 les r\u00e9ponses aux questions les plus fr\u00e9quemment pos\u00e9es. Vous avez pas trouv\u00e9 la r\u00e9ponse \u00e0 ta question sp\u00e9cifique ? Pose-la alors via info@lakeside.brussels Le projetLake Side en r\u00e9sum\u00e9, c&#039;est : 670 appartements (dont \u00b1 25 % serviront comme logements sociaux et conventionn\u00e9s) 100 unit\u00e9s de cohabitation 5% d\u2019\u00e9quipements publics, dont une partie (\u00b1 1.000 m2) mise \u00e0 disposition d\u2019initiatives sociales du quartier. \u00b1 1,5 % de fonctions commerciales \u00b1 28 % d&#039;espaces de bureaux \u00b1 485 places de stationnement souterraines \u00b1 2.000 parkings \u00e0 v\u00e9los 139.099 m2 superficie totale Lake Side constitue l\u2019\u00e9l\u00e9ment final du r\u00e9am\u00e9nagement de Tour &amp; Taxis en un quartier urbain anim\u00e9. La venue de nouveaux habitants et visiteurs apporte un dynamisme suppl\u00e9mentaire au quartier et stimule de nouvelles initiatives qui renforcent le quartier. Le projet offre un lieu ouvert et accessible o\u00f9 chacun peut se sentir chez soi et o\u00f9 il y a de la place pour le d\u00e9veloppement, la d\u00e9tente et les rencontres. De plus, toutes les commodit\u00e9s n\u00e9cessaires aux r\u00e9sidents et aux visiteurs se trouvent \u00e0 deux pas. Cela s&#039;inscrit parfaitement dans le concept de \u00ab ville des 15 minutes [&hellip;]\" \/>\n<meta property=\"og:url\" content=\"https:\/\/www.lakeside.brussels\/vragen\/\" \/>\n<meta property=\"og:site_name\" content=\"Lakeside Brussels\" \/>\n<meta property=\"article:modified_time\" content=\"2026-04-29T11:59:39+00:00\" \/>\n<meta name=\"twitter:card\" content=\"summary_large_image\" \/>\n<meta name=\"twitter:label1\" content=\"Dur\u00e9e de lecture estim\u00e9e\" \/>\n\t<meta name=\"twitter:data1\" content=\"13 minutes\" \/>\n<script type=\"application\/ld+json\" class=\"yoast-schema-graph\">{\"@context\":\"https:\\\/\\\/schema.org\",\"@graph\":[{\"@type\":\"WebPage\",\"@id\":\"https:\\\/\\\/www.lakeside.brussels\\\/vragen\\\/\",\"url\":\"https:\\\/\\\/www.lakeside.brussels\\\/vragen\\\/\",\"name\":\"FAQs - Lakeside Brussels\",\"isPartOf\":{\"@id\":\"https:\\\/\\\/www.lakeside.brussels\\\/fr\\\/#website\"},\"datePublished\":\"2026-04-23T12:06:19+00:00\",\"dateModified\":\"2026-04-29T11:59:39+00:00\",\"breadcrumb\":{\"@id\":\"https:\\\/\\\/www.lakeside.brussels\\\/vragen\\\/#breadcrumb\"},\"inLanguage\":\"fr-FR\",\"potentialAction\":[{\"@type\":\"ReadAction\",\"target\":[\"https:\\\/\\\/www.lakeside.brussels\\\/vragen\\\/\"]}]},{\"@type\":\"BreadcrumbList\",\"@id\":\"https:\\\/\\\/www.lakeside.brussels\\\/vragen\\\/#breadcrumb\",\"itemListElement\":[{\"@type\":\"ListItem\",\"position\":1,\"name\":\"Home\",\"item\":\"https:\\\/\\\/www.lakeside.brussels\\\/\"},{\"@type\":\"ListItem\",\"position\":2,\"name\":\"FAQs\"}]},{\"@type\":\"WebSite\",\"@id\":\"https:\\\/\\\/www.lakeside.brussels\\\/fr\\\/#website\",\"url\":\"https:\\\/\\\/www.lakeside.brussels\\\/fr\\\/\",\"name\":\"Lakeside Brussels\",\"description\":\"Informatieplatform van de toekomstbuurt op Tour&amp;Taxis\",\"publisher\":{\"@id\":\"https:\\\/\\\/www.lakeside.brussels\\\/fr\\\/#organization\"},\"potentialAction\":[{\"@type\":\"SearchAction\",\"target\":{\"@type\":\"EntryPoint\",\"urlTemplate\":\"https:\\\/\\\/www.lakeside.brussels\\\/fr\\\/?s={search_term_string}\"},\"query-input\":{\"@type\":\"PropertyValueSpecification\",\"valueRequired\":true,\"valueName\":\"search_term_string\"}}],\"inLanguage\":\"fr-FR\"},{\"@type\":\"Organization\",\"@id\":\"https:\\\/\\\/www.lakeside.brussels\\\/fr\\\/#organization\",\"name\":\"Lakeside Brussels\",\"url\":\"https:\\\/\\\/www.lakeside.brussels\\\/fr\\\/\",\"logo\":{\"@type\":\"ImageObject\",\"inLanguage\":\"fr-FR\",\"@id\":\"https:\\\/\\\/www.lakeside.brussels\\\/fr\\\/#\\\/schema\\\/logo\\\/image\\\/\",\"url\":\"https:\\\/\\\/www.lakeside.brussels\\\/wp-content\\\/uploads\\\/2023\\\/04\\\/Areal-view-scaled.jpg\",\"contentUrl\":\"https:\\\/\\\/www.lakeside.brussels\\\/wp-content\\\/uploads\\\/2023\\\/04\\\/Areal-view-scaled.jpg\",\"width\":2560,\"height\":1539,\"caption\":\"Lakeside Brussels\"},\"image\":{\"@id\":\"https:\\\/\\\/www.lakeside.brussels\\\/fr\\\/#\\\/schema\\\/logo\\\/image\\\/\"}}]}<\/script>\n<!-- \/ Yoast SEO plugin. -->","yoast_head_json":{"title":"FAQs - Lakeside Brussels","robots":{"index":"index","follow":"follow","max-snippet":"max-snippet:-1","max-image-preview":"max-image-preview:large","max-video-preview":"max-video-preview:-1"},"canonical":"https:\/\/www.lakeside.brussels\/vragen\/","og_locale":"fr_FR","og_type":"article","og_title":"FAQs - Lakeside Brussels","og_description":"QuestionsVous avez des questions sur le projet ? Sur cette page, tu trouveras d\u00e9j\u00e0 les r\u00e9ponses aux questions les plus fr\u00e9quemment pos\u00e9es. Vous avez pas trouv\u00e9 la r\u00e9ponse \u00e0 ta question sp\u00e9cifique ? Pose-la alors via info@lakeside.brussels Le projetLake Side en r\u00e9sum\u00e9, c'est : 670 appartements (dont \u00b1 25 % serviront comme logements sociaux et conventionn\u00e9s) 100 unit\u00e9s de cohabitation 5% d\u2019\u00e9quipements publics, dont une partie (\u00b1 1.000 m2) mise \u00e0 disposition d\u2019initiatives sociales du quartier. \u00b1 1,5 % de fonctions commerciales \u00b1 28 % d'espaces de bureaux \u00b1 485 places de stationnement souterraines \u00b1 2.000 parkings \u00e0 v\u00e9los 139.099 m2 superficie totale Lake Side constitue l\u2019\u00e9l\u00e9ment final du r\u00e9am\u00e9nagement de Tour &amp; Taxis en un quartier urbain anim\u00e9. La venue de nouveaux habitants et visiteurs apporte un dynamisme suppl\u00e9mentaire au quartier et stimule de nouvelles initiatives qui renforcent le quartier. Le projet offre un lieu ouvert et accessible o\u00f9 chacun peut se sentir chez soi et o\u00f9 il y a de la place pour le d\u00e9veloppement, la d\u00e9tente et les rencontres. De plus, toutes les commodit\u00e9s n\u00e9cessaires aux r\u00e9sidents et aux visiteurs se trouvent \u00e0 deux pas. Cela s'inscrit parfaitement dans le concept de \u00ab ville des 15 minutes [&hellip;]","og_url":"https:\/\/www.lakeside.brussels\/vragen\/","og_site_name":"Lakeside Brussels","article_modified_time":"2026-04-29T11:59:39+00:00","twitter_card":"summary_large_image","twitter_misc":{"Dur\u00e9e de lecture estim\u00e9e":"13 minutes"},"schema":{"@context":"https:\/\/schema.org","@graph":[{"@type":"WebPage","@id":"https:\/\/www.lakeside.brussels\/vragen\/","url":"https:\/\/www.lakeside.brussels\/vragen\/","name":"FAQs - Lakeside Brussels","isPartOf":{"@id":"https:\/\/www.lakeside.brussels\/fr\/#website"},"datePublished":"2026-04-23T12:06:19+00:00","dateModified":"2026-04-29T11:59:39+00:00","breadcrumb":{"@id":"https:\/\/www.lakeside.brussels\/vragen\/#breadcrumb"},"inLanguage":"fr-FR","potentialAction":[{"@type":"ReadAction","target":["https:\/\/www.lakeside.brussels\/vragen\/"]}]},{"@type":"BreadcrumbList","@id":"https:\/\/www.lakeside.brussels\/vragen\/#breadcrumb","itemListElement":[{"@type":"ListItem","position":1,"name":"Home","item":"https:\/\/www.lakeside.brussels\/"},{"@type":"ListItem","position":2,"name":"FAQs"}]},{"@type":"WebSite","@id":"https:\/\/www.lakeside.brussels\/fr\/#website","url":"https:\/\/www.lakeside.brussels\/fr\/","name":"Lakeside Brussels","description":"Informatieplatform van de toekomstbuurt op Tour&amp;Taxis","publisher":{"@id":"https:\/\/www.lakeside.brussels\/fr\/#organization"},"potentialAction":[{"@type":"SearchAction","target":{"@type":"EntryPoint","urlTemplate":"https:\/\/www.lakeside.brussels\/fr\/?s={search_term_string}"},"query-input":{"@type":"PropertyValueSpecification","valueRequired":true,"valueName":"search_term_string"}}],"inLanguage":"fr-FR"},{"@type":"Organization","@id":"https:\/\/www.lakeside.brussels\/fr\/#organization","name":"Lakeside Brussels","url":"https:\/\/www.lakeside.brussels\/fr\/","logo":{"@type":"ImageObject","inLanguage":"fr-FR","@id":"https:\/\/www.lakeside.brussels\/fr\/#\/schema\/logo\/image\/","url":"https:\/\/www.lakeside.brussels\/wp-content\/uploads\/2023\/04\/Areal-view-scaled.jpg","contentUrl":"https:\/\/www.lakeside.brussels\/wp-content\/uploads\/2023\/04\/Areal-view-scaled.jpg","width":2560,"height":1539,"caption":"Lakeside Brussels"},"image":{"@id":"https:\/\/www.lakeside.brussels\/fr\/#\/schema\/logo\/image\/"}}]}},"_links":{"self":[{"href":"https:\/\/www.lakeside.brussels\/fr\/wp-json\/wp\/v2\/pages\/3387","targetHints":{"allow":["GET"]}}],"collection":[{"href":"https:\/\/www.lakeside.brussels\/fr\/wp-json\/wp\/v2\/pages"}],"about":[{"href":"https:\/\/www.lakeside.brussels\/fr\/wp-json\/wp\/v2\/types\/page"}],"author":[{"embeddable":true,"href":"https:\/\/www.lakeside.brussels\/fr\/wp-json\/wp\/v2\/users\/5"}],"replies":[{"embeddable":true,"href":"https:\/\/www.lakeside.brussels\/fr\/wp-json\/wp\/v2\/comments?post=3387"}],"version-history":[{"count":7,"href":"https:\/\/www.lakeside.brussels\/fr\/wp-json\/wp\/v2\/pages\/3387\/revisions"}],"predecessor-version":[{"id":3408,"href":"https:\/\/www.lakeside.brussels\/fr\/wp-json\/wp\/v2\/pages\/3387\/revisions\/3408"}],"wp:attachment":[{"href":"https:\/\/www.lakeside.brussels\/fr\/wp-json\/wp\/v2\/media?parent=3387"}],"wp:term":[{"taxonomy":"dipi_cpt_category","embeddable":true,"href":"https:\/\/www.lakeside.brussels\/fr\/wp-json\/wp\/v2\/dipi_cpt_category?post=3387"}],"curies":[{"name":"wp","href":"https:\/\/api.w.org\/{rel}","templated":true}]}}