{"id":3399,"date":"2026-04-27T13:27:08","date_gmt":"2026-04-27T13:27:08","guid":{"rendered":"https:\/\/www.lakeside.brussels\/werf\/a-partir-du-lundi-11-mai-fermeture-du-perimetre\/"},"modified":"2026-04-29T11:27:27","modified_gmt":"2026-04-29T11:27:27","slug":"a-partir-du-lundi-11-mai-fermeture-du-perimetre","status":"publish","type":"werf","link":"https:\/\/www.lakeside.brussels\/fr\/werf\/a-partir-du-lundi-11-mai-fermeture-du-perimetre\/","title":{"rendered":"\u00c0 partir du lundi 11 mai : fermeture du p\u00e9rim\u00e8tre"},"content":{"rendered":"<p>[et_pb_section fb_built=\u00a0\u00bb1&Prime; _builder_version=\u00a0\u00bb4.20.2&Prime; _module_preset=\u00a0\u00bbdefault\u00a0\u00bb global_colors_info=\u00a0\u00bb{}\u00a0\u00bb theme_builder_area=\u00a0\u00bbpost_content\u00a0\u00bb][et_pb_row _builder_version=\u00a0\u00bb4.20.2&Prime; _module_preset=\u00a0\u00bbdefault\u00a0\u00bb global_colors_info=\u00a0\u00bb{}\u00a0\u00bb theme_builder_area=\u00a0\u00bbpost_content\u00a0\u00bb][et_pb_column type=\u00a0\u00bb4_4&Prime; _builder_version=\u00a0\u00bb4.20.2&Prime; _module_preset=\u00a0\u00bbdefault\u00a0\u00bb global_colors_info=\u00a0\u00bb{}\u00a0\u00bb theme_builder_area=\u00a0\u00bbpost_content\u00a0\u00bb][et_pb_text _builder_version=\u00a0\u00bb4.20.2&Prime; _module_preset=\u00a0\u00bbdefault\u00a0\u00bb global_colors_info=\u00a0\u00bb{}\u00a0\u00bb theme_builder_area=\u00a0\u00bbpost_content\u00a0\u00bb]<\/p>\n<p class=\"p1\">\u00c0 partir du 11 mai, l&rsquo;ensemble du p\u00e9rim\u00e8tre sera ferm\u00e9 \u00e0 toute circulation, y compris aux pi\u00e9tons et aux cyclistes. Les pi\u00e9tons et les cyclistes seront alors d\u00e9vi\u00e9s par la Gare Maritime. Les cyclistes sont pri\u00e9s de descendre de leur v\u00e9lo dans cette zone.   <br \/>Au cours de cette phase, l&rsquo;entrepreneur acheminera le mat\u00e9riel et les machines n\u00e9cessaires \u00e0 l&rsquo;am\u00e9nagement de la zone de chantier. L&rsquo;acc\u00e8s au parking P3 Anna Boch reste garanti. <\/p>\n<p><span><\/span><\/p>\n<p><strong>Toujours rester inform\u00e9 des mises \u00e0 jour concernant Lake Side ?<\/strong> <a href=\"https:\/\/39bde25e.sibforms.com\/serve\/MUIFALdDr4Qf6ZYXYCkb3BxaW-3e2OflHVInaWMpkKgSMSEyiMbSgeKcn_uwzpsf3zFvbFBZa520keSNSKh-CNewFh1oQKeUwsRoe455sq8ySt0UfqE8ngoyQg51i1btzkZVYlx96-vxYWm-3KkqdT3LA3su4CG-xmL_AUQa0ZaxZGbZvC5ZooiVGUTcjqdIe5sDw0hNGknMry7f\">Inscrivez-vous \u00e0 la newsletter sp\u00e9cifique de Lake Side.<\/a> Nous vous y informons des prochaines interventions, des nuisances pr\u00e9vues et des \u00e9tapes cl\u00e9s du projet. <\/p>\n<p>[\/et_pb_text][et_pb_image src=\u00a0\u00bbhttps:\/\/www.lakeside.brussels\/wp-content\/uploads\/2026\/04\/Foto-artikel-2.jpg\u00a0\u00bb title_text=\u00a0\u00bbFoto artikel 2&Prime; _builder_version=\u00a0\u00bb4.20.2&Prime; _module_preset=\u00a0\u00bbdefault\u00a0\u00bb global_colors_info=\u00a0\u00bb{}\u00a0\u00bb theme_builder_area=\u00a0\u00bbpost_content\u00a0\u00bb][\/et_pb_image][\/et_pb_column][\/et_pb_row][\/et_pb_section]<\/p>\n","protected":false},"excerpt":{"rendered":"<p>\u00c0 partir du 11 mai, l&rsquo;ensemble du p\u00e9rim\u00e8tre sera ferm\u00e9 \u00e0 toute circulation, y compris aux pi\u00e9tons et aux cyclistes. Les pi\u00e9tons et les cyclistes seront alors d\u00e9vi\u00e9s par la Gare Maritime. Les cyclistes sont pri\u00e9s de descendre de leur v\u00e9lo dans cette zone. Au cours de cette phase, l&rsquo;entrepreneur acheminera le mat\u00e9riel et les machines n\u00e9cessaires \u00e0 l&rsquo;am\u00e9nagement de la zone de chantier. L&rsquo;acc\u00e8s au parking P3 Anna Boch reste garanti. Toujours rester inform\u00e9 des mises \u00e0 jour concernant Lake Side ? Inscrivez-vous \u00e0 la newsletter sp\u00e9cifique de Lake Side. Nous vous y informons des prochaines interventions, des nuisances pr\u00e9vues et des \u00e9tapes cl\u00e9s du projet.<\/p>\n","protected":false},"featured_media":3346,"menu_order":0,"template":"","format":"standard","meta":{"_acf_changed":false,"_et_pb_use_builder":"on","_et_pb_old_content":"","_et_gb_content_width":"","inline_featured_image":false,"_links_to":"","_links_to_target":""},"werf-category":[21],"class_list":["post-3399","werf","type-werf","status-publish","format-standard","has-post-thumbnail","hentry","werf-category-werf"],"acf":[],"yoast_head":"<!-- This site is optimized with the Yoast SEO plugin v27.5 - https:\/\/yoast.com\/product\/yoast-seo-wordpress\/ -->\n<title>\u00c0 partir du lundi 11 mai : fermeture du p\u00e9rim\u00e8tre - Lakeside Brussels<\/title>\n<meta name=\"robots\" content=\"index, follow, max-snippet:-1, max-image-preview:large, max-video-preview:-1\" \/>\n<link rel=\"canonical\" href=\"https:\/\/www.lakeside.brussels\/fr\/werf\/a-partir-du-lundi-11-mai-fermeture-du-perimetre\/\" \/>\n<meta property=\"og:locale\" content=\"fr_FR\" \/>\n<meta property=\"og:type\" content=\"article\" \/>\n<meta property=\"og:title\" content=\"\u00c0 partir du lundi 11 mai : fermeture du p\u00e9rim\u00e8tre - Lakeside Brussels\" \/>\n<meta property=\"og:description\" content=\"\u00c0 partir du 11 mai, l&#039;ensemble du p\u00e9rim\u00e8tre sera ferm\u00e9 \u00e0 toute circulation, y compris aux pi\u00e9tons et aux cyclistes. Les pi\u00e9tons et les cyclistes seront alors d\u00e9vi\u00e9s par la Gare Maritime. Les cyclistes sont pri\u00e9s de descendre de leur v\u00e9lo dans cette zone. Au cours de cette phase, l&#039;entrepreneur acheminera le mat\u00e9riel et les machines n\u00e9cessaires \u00e0 l&#039;am\u00e9nagement de la zone de chantier. L&#039;acc\u00e8s au parking P3 Anna Boch reste garanti. Toujours rester inform\u00e9 des mises \u00e0 jour concernant Lake Side ? Inscrivez-vous \u00e0 la newsletter sp\u00e9cifique de Lake Side. Nous vous y informons des prochaines interventions, des nuisances pr\u00e9vues et des \u00e9tapes cl\u00e9s du projet.\" \/>\n<meta property=\"og:url\" content=\"https:\/\/www.lakeside.brussels\/fr\/werf\/a-partir-du-lundi-11-mai-fermeture-du-perimetre\/\" \/>\n<meta property=\"og:site_name\" content=\"Lakeside Brussels\" \/>\n<meta property=\"article:modified_time\" content=\"2026-04-29T11:27:27+00:00\" \/>\n<meta property=\"og:image\" content=\"https:\/\/www.lakeside.brussels\/wp-content\/uploads\/2026\/04\/Foto-artikel-2.jpg\" \/>\n\t<meta property=\"og:image:width\" content=\"1822\" \/>\n\t<meta property=\"og:image:height\" content=\"2178\" \/>\n\t<meta property=\"og:image:type\" content=\"image\/jpeg\" \/>\n<meta name=\"twitter:card\" content=\"summary_large_image\" \/>\n<meta name=\"twitter:label1\" content=\"Dur\u00e9e de lecture estim\u00e9e\" \/>\n\t<meta name=\"twitter:data1\" content=\"1 minute\" \/>\n<script type=\"application\/ld+json\" class=\"yoast-schema-graph\">{\"@context\":\"https:\\\/\\\/schema.org\",\"@graph\":[{\"@type\":\"WebPage\",\"@id\":\"https:\\\/\\\/www.lakeside.brussels\\\/fr\\\/werf\\\/a-partir-du-lundi-11-mai-fermeture-du-perimetre\\\/\",\"url\":\"https:\\\/\\\/www.lakeside.brussels\\\/fr\\\/werf\\\/a-partir-du-lundi-11-mai-fermeture-du-perimetre\\\/\",\"name\":\"\u00c0 partir du lundi 11 mai : fermeture du p\u00e9rim\u00e8tre - Lakeside Brussels\",\"isPartOf\":{\"@id\":\"https:\\\/\\\/www.lakeside.brussels\\\/fr\\\/#website\"},\"primaryImageOfPage\":{\"@id\":\"https:\\\/\\\/www.lakeside.brussels\\\/fr\\\/werf\\\/a-partir-du-lundi-11-mai-fermeture-du-perimetre\\\/#primaryimage\"},\"image\":{\"@id\":\"https:\\\/\\\/www.lakeside.brussels\\\/fr\\\/werf\\\/a-partir-du-lundi-11-mai-fermeture-du-perimetre\\\/#primaryimage\"},\"thumbnailUrl\":\"https:\\\/\\\/www.lakeside.brussels\\\/wp-content\\\/uploads\\\/2026\\\/04\\\/Foto-artikel-2.jpg\",\"datePublished\":\"2026-04-27T13:27:08+00:00\",\"dateModified\":\"2026-04-29T11:27:27+00:00\",\"breadcrumb\":{\"@id\":\"https:\\\/\\\/www.lakeside.brussels\\\/fr\\\/werf\\\/a-partir-du-lundi-11-mai-fermeture-du-perimetre\\\/#breadcrumb\"},\"inLanguage\":\"fr-FR\",\"potentialAction\":[{\"@type\":\"ReadAction\",\"target\":[\"https:\\\/\\\/www.lakeside.brussels\\\/fr\\\/werf\\\/a-partir-du-lundi-11-mai-fermeture-du-perimetre\\\/\"]}]},{\"@type\":\"ImageObject\",\"inLanguage\":\"fr-FR\",\"@id\":\"https:\\\/\\\/www.lakeside.brussels\\\/fr\\\/werf\\\/a-partir-du-lundi-11-mai-fermeture-du-perimetre\\\/#primaryimage\",\"url\":\"https:\\\/\\\/www.lakeside.brussels\\\/wp-content\\\/uploads\\\/2026\\\/04\\\/Foto-artikel-2.jpg\",\"contentUrl\":\"https:\\\/\\\/www.lakeside.brussels\\\/wp-content\\\/uploads\\\/2026\\\/04\\\/Foto-artikel-2.jpg\",\"width\":1822,\"height\":2178},{\"@type\":\"BreadcrumbList\",\"@id\":\"https:\\\/\\\/www.lakeside.brussels\\\/fr\\\/werf\\\/a-partir-du-lundi-11-mai-fermeture-du-perimetre\\\/#breadcrumb\",\"itemListElement\":[{\"@type\":\"ListItem\",\"position\":1,\"name\":\"Home\",\"item\":\"https:\\\/\\\/www.lakeside.brussels\\\/\"},{\"@type\":\"ListItem\",\"position\":2,\"name\":\"\u00c0 partir du lundi 11 mai : fermeture du p\u00e9rim\u00e8tre\"}]},{\"@type\":\"WebSite\",\"@id\":\"https:\\\/\\\/www.lakeside.brussels\\\/fr\\\/#website\",\"url\":\"https:\\\/\\\/www.lakeside.brussels\\\/fr\\\/\",\"name\":\"Lakeside Brussels\",\"description\":\"Informatieplatform van de toekomstbuurt op Tour&amp;Taxis\",\"publisher\":{\"@id\":\"https:\\\/\\\/www.lakeside.brussels\\\/fr\\\/#organization\"},\"potentialAction\":[{\"@type\":\"SearchAction\",\"target\":{\"@type\":\"EntryPoint\",\"urlTemplate\":\"https:\\\/\\\/www.lakeside.brussels\\\/fr\\\/?s={search_term_string}\"},\"query-input\":{\"@type\":\"PropertyValueSpecification\",\"valueRequired\":true,\"valueName\":\"search_term_string\"}}],\"inLanguage\":\"fr-FR\"},{\"@type\":\"Organization\",\"@id\":\"https:\\\/\\\/www.lakeside.brussels\\\/fr\\\/#organization\",\"name\":\"Lakeside Brussels\",\"url\":\"https:\\\/\\\/www.lakeside.brussels\\\/fr\\\/\",\"logo\":{\"@type\":\"ImageObject\",\"inLanguage\":\"fr-FR\",\"@id\":\"https:\\\/\\\/www.lakeside.brussels\\\/fr\\\/#\\\/schema\\\/logo\\\/image\\\/\",\"url\":\"https:\\\/\\\/www.lakeside.brussels\\\/wp-content\\\/uploads\\\/2023\\\/04\\\/Areal-view-scaled.jpg\",\"contentUrl\":\"https:\\\/\\\/www.lakeside.brussels\\\/wp-content\\\/uploads\\\/2023\\\/04\\\/Areal-view-scaled.jpg\",\"width\":2560,\"height\":1539,\"caption\":\"Lakeside Brussels\"},\"image\":{\"@id\":\"https:\\\/\\\/www.lakeside.brussels\\\/fr\\\/#\\\/schema\\\/logo\\\/image\\\/\"}}]}<\/script>\n<!-- \/ Yoast SEO plugin. -->","yoast_head_json":{"title":"\u00c0 partir du lundi 11 mai : fermeture du p\u00e9rim\u00e8tre - Lakeside Brussels","robots":{"index":"index","follow":"follow","max-snippet":"max-snippet:-1","max-image-preview":"max-image-preview:large","max-video-preview":"max-video-preview:-1"},"canonical":"https:\/\/www.lakeside.brussels\/fr\/werf\/a-partir-du-lundi-11-mai-fermeture-du-perimetre\/","og_locale":"fr_FR","og_type":"article","og_title":"\u00c0 partir du lundi 11 mai : fermeture du p\u00e9rim\u00e8tre - Lakeside Brussels","og_description":"\u00c0 partir du 11 mai, l'ensemble du p\u00e9rim\u00e8tre sera ferm\u00e9 \u00e0 toute circulation, y compris aux pi\u00e9tons et aux cyclistes. Les pi\u00e9tons et les cyclistes seront alors d\u00e9vi\u00e9s par la Gare Maritime. Les cyclistes sont pri\u00e9s de descendre de leur v\u00e9lo dans cette zone. Au cours de cette phase, l'entrepreneur acheminera le mat\u00e9riel et les machines n\u00e9cessaires \u00e0 l'am\u00e9nagement de la zone de chantier. L'acc\u00e8s au parking P3 Anna Boch reste garanti. Toujours rester inform\u00e9 des mises \u00e0 jour concernant Lake Side ? Inscrivez-vous \u00e0 la newsletter sp\u00e9cifique de Lake Side. Nous vous y informons des prochaines interventions, des nuisances pr\u00e9vues et des \u00e9tapes cl\u00e9s du projet.","og_url":"https:\/\/www.lakeside.brussels\/fr\/werf\/a-partir-du-lundi-11-mai-fermeture-du-perimetre\/","og_site_name":"Lakeside Brussels","article_modified_time":"2026-04-29T11:27:27+00:00","og_image":[{"width":1822,"height":2178,"url":"https:\/\/www.lakeside.brussels\/wp-content\/uploads\/2026\/04\/Foto-artikel-2.jpg","type":"image\/jpeg"}],"twitter_card":"summary_large_image","twitter_misc":{"Dur\u00e9e de lecture estim\u00e9e":"1 minute"},"schema":{"@context":"https:\/\/schema.org","@graph":[{"@type":"WebPage","@id":"https:\/\/www.lakeside.brussels\/fr\/werf\/a-partir-du-lundi-11-mai-fermeture-du-perimetre\/","url":"https:\/\/www.lakeside.brussels\/fr\/werf\/a-partir-du-lundi-11-mai-fermeture-du-perimetre\/","name":"\u00c0 partir du lundi 11 mai : fermeture du p\u00e9rim\u00e8tre - Lakeside Brussels","isPartOf":{"@id":"https:\/\/www.lakeside.brussels\/fr\/#website"},"primaryImageOfPage":{"@id":"https:\/\/www.lakeside.brussels\/fr\/werf\/a-partir-du-lundi-11-mai-fermeture-du-perimetre\/#primaryimage"},"image":{"@id":"https:\/\/www.lakeside.brussels\/fr\/werf\/a-partir-du-lundi-11-mai-fermeture-du-perimetre\/#primaryimage"},"thumbnailUrl":"https:\/\/www.lakeside.brussels\/wp-content\/uploads\/2026\/04\/Foto-artikel-2.jpg","datePublished":"2026-04-27T13:27:08+00:00","dateModified":"2026-04-29T11:27:27+00:00","breadcrumb":{"@id":"https:\/\/www.lakeside.brussels\/fr\/werf\/a-partir-du-lundi-11-mai-fermeture-du-perimetre\/#breadcrumb"},"inLanguage":"fr-FR","potentialAction":[{"@type":"ReadAction","target":["https:\/\/www.lakeside.brussels\/fr\/werf\/a-partir-du-lundi-11-mai-fermeture-du-perimetre\/"]}]},{"@type":"ImageObject","inLanguage":"fr-FR","@id":"https:\/\/www.lakeside.brussels\/fr\/werf\/a-partir-du-lundi-11-mai-fermeture-du-perimetre\/#primaryimage","url":"https:\/\/www.lakeside.brussels\/wp-content\/uploads\/2026\/04\/Foto-artikel-2.jpg","contentUrl":"https:\/\/www.lakeside.brussels\/wp-content\/uploads\/2026\/04\/Foto-artikel-2.jpg","width":1822,"height":2178},{"@type":"BreadcrumbList","@id":"https:\/\/www.lakeside.brussels\/fr\/werf\/a-partir-du-lundi-11-mai-fermeture-du-perimetre\/#breadcrumb","itemListElement":[{"@type":"ListItem","position":1,"name":"Home","item":"https:\/\/www.lakeside.brussels\/"},{"@type":"ListItem","position":2,"name":"\u00c0 partir du lundi 11 mai : fermeture du p\u00e9rim\u00e8tre"}]},{"@type":"WebSite","@id":"https:\/\/www.lakeside.brussels\/fr\/#website","url":"https:\/\/www.lakeside.brussels\/fr\/","name":"Lakeside Brussels","description":"Informatieplatform van de toekomstbuurt op Tour&amp;Taxis","publisher":{"@id":"https:\/\/www.lakeside.brussels\/fr\/#organization"},"potentialAction":[{"@type":"SearchAction","target":{"@type":"EntryPoint","urlTemplate":"https:\/\/www.lakeside.brussels\/fr\/?s={search_term_string}"},"query-input":{"@type":"PropertyValueSpecification","valueRequired":true,"valueName":"search_term_string"}}],"inLanguage":"fr-FR"},{"@type":"Organization","@id":"https:\/\/www.lakeside.brussels\/fr\/#organization","name":"Lakeside Brussels","url":"https:\/\/www.lakeside.brussels\/fr\/","logo":{"@type":"ImageObject","inLanguage":"fr-FR","@id":"https:\/\/www.lakeside.brussels\/fr\/#\/schema\/logo\/image\/","url":"https:\/\/www.lakeside.brussels\/wp-content\/uploads\/2023\/04\/Areal-view-scaled.jpg","contentUrl":"https:\/\/www.lakeside.brussels\/wp-content\/uploads\/2023\/04\/Areal-view-scaled.jpg","width":2560,"height":1539,"caption":"Lakeside Brussels"},"image":{"@id":"https:\/\/www.lakeside.brussels\/fr\/#\/schema\/logo\/image\/"}}]}},"_links":{"self":[{"href":"https:\/\/www.lakeside.brussels\/fr\/wp-json\/wp\/v2\/werf\/3399","targetHints":{"allow":["GET"]}}],"collection":[{"href":"https:\/\/www.lakeside.brussels\/fr\/wp-json\/wp\/v2\/werf"}],"about":[{"href":"https:\/\/www.lakeside.brussels\/fr\/wp-json\/wp\/v2\/types\/werf"}],"wp:featuredmedia":[{"embeddable":true,"href":"https:\/\/www.lakeside.brussels\/fr\/wp-json\/wp\/v2\/media\/3346"}],"wp:attachment":[{"href":"https:\/\/www.lakeside.brussels\/fr\/wp-json\/wp\/v2\/media?parent=3399"}],"wp:term":[{"taxonomy":"werf-category","embeddable":true,"href":"https:\/\/www.lakeside.brussels\/fr\/wp-json\/wp\/v2\/werf-category?post=3399"}],"curies":[{"name":"wp","href":"https:\/\/api.w.org\/{rel}","templated":true}]}}