{"id":3401,"date":"2026-04-28T11:19:13","date_gmt":"2026-04-28T11:19:13","guid":{"rendered":"https:\/\/www.lakeside.brussels\/werf\/a-partir-du-21-mai-modification-de-la-circulation-parking-p3-anna-boch\/"},"modified":"2026-04-29T11:29:46","modified_gmt":"2026-04-29T11:29:46","slug":"a-partir-du-21-mai-modification-de-la-circulation-parking-p3-anna-boch","status":"publish","type":"werf","link":"https:\/\/www.lakeside.brussels\/fr\/werf\/a-partir-du-21-mai-modification-de-la-circulation-parking-p3-anna-boch\/","title":{"rendered":"\u00c0 partir du 21 mai : modification de la circulation : parking P3 Anna Boch"},"content":{"rendered":"<p>[et_pb_section fb_built=\u00a0\u00bb1&Prime; admin_label=\u00a0\u00bbsection\u00a0\u00bb _builder_version=\u00a0\u00bb4.16&Prime; global_colors_info=\u00a0\u00bb{}\u00a0\u00bb theme_builder_area=\u00a0\u00bbpost_content\u00a0\u00bb][et_pb_row admin_label=\u00a0\u00bbrow\u00a0\u00bb _builder_version=\u00a0\u00bb4.16&Prime; background_size=\u00a0\u00bbinitial\u00a0\u00bb background_position=\u00a0\u00bbtop_left\u00a0\u00bb background_repeat=\u00a0\u00bbrepeat\u00a0\u00bb global_colors_info=\u00a0\u00bb{}\u00a0\u00bb theme_builder_area=\u00a0\u00bbpost_content\u00a0\u00bb][et_pb_column type=\u00a0\u00bb4_4&Prime; _builder_version=\u00a0\u00bb4.16&Prime; custom_padding=\u00a0\u00bb|||\u00a0\u00bb global_colors_info=\u00a0\u00bb{}\u00a0\u00bb custom_padding__hover=\u00a0\u00bb|||\u00a0\u00bb theme_builder_area=\u00a0\u00bbpost_content\u00a0\u00bb][et_pb_blurb _builder_version=\u00a0\u00bb4.20.2&Prime; _module_preset=\u00a0\u00bbdefault\u00a0\u00bb theme_builder_area=\u00a0\u00bbpost_content\u00a0\u00bb hover_enabled=\u00a0\u00bb0&Prime; sticky_enabled=\u00a0\u00bb0&Prime;]<\/p>\n<p class=\"p1\">La circulation vers et depuis le parking P3 Anna Boch sera l\u00e9g\u00e8rement modifi\u00e9e. Le parking conserve son entr\u00e9e actuelle. La sortie sera temporairement d\u00e9vi\u00e9e par le niveau 0, au 86 Havenlaan. \u00c0 l&rsquo;issue de cette phase de chantier, qui devrait s&rsquo;\u00e9tendre jusqu&rsquo;\u00e0 fin septembre 2026, les acc\u00e8s seront r\u00e9tablis dans leur configuration d&rsquo;origine.   <\/p>\n<p class=\"p1\"><strong>Toujours rester inform\u00e9 des mises \u00e0 jour concernant Lake Side ?<\/strong><span> <\/span><a href=\"https:\/\/39bde25e.sibforms.com\/serve\/MUIFALdDr4Qf6ZYXYCkb3BxaW-3e2OflHVInaWMpkKgSMSEyiMbSgeKcn_uwzpsf3zFvbFBZa520keSNSKh-CNewFh1oQKeUwsRoe455sq8ySt0UfqE8ngoyQg51i1btzkZVYlx96-vxYWm-3KkqdT3LA3su4CG-xmL_AUQa0ZaxZGbZvC5ZooiVGUTcjqdIe5sDw0hNGknMry7f\">Inscrivez-vous \u00e0 la newsletter sp\u00e9cifique de Lake Side.<\/a><span>. Nous vous y informons des prochaines interventions, des nuisances pr\u00e9vues et des \u00e9tapes cl\u00e9s du projet.<\/span><\/p>\n<p>[\/et_pb_blurb][et_pb_image src=\u00a0\u00bbhttps:\/\/www.lakeside.brussels\/wp-content\/uploads\/2026\/04\/Foto-artikel-3_1200x1472.jpg\u00a0\u00bb _builder_version=\u00a0\u00bb4.20.2&Prime; _module_preset=\u00a0\u00bbdefault\u00a0\u00bb theme_builder_area=\u00a0\u00bbpost_content\u00a0\u00bb title_text=\u00a0\u00bbFoto artikel 3_1200x1472&Prime; hover_enabled=\u00a0\u00bb0&Prime; sticky_enabled=\u00a0\u00bb0&Prime;][\/et_pb_image][\/et_pb_column][\/et_pb_row][\/et_pb_section]<\/p>\n","protected":false},"excerpt":{"rendered":"<p>La circulation vers et depuis le parking P3 Anna Boch sera l\u00e9g\u00e8rement modifi\u00e9e. Le parking conserve son entr\u00e9e actuelle. La sortie sera temporairement d\u00e9vi\u00e9e par le niveau 0, au 86 Havenlaan. \u00c0 l&rsquo;issue de cette phase de chantier, qui devrait s&rsquo;\u00e9tendre jusqu&rsquo;\u00e0 fin septembre 2026, les acc\u00e8s seront r\u00e9tablis dans leur configuration d&rsquo;origine. Toujours rester inform\u00e9 des mises \u00e0 jour concernant Lake Side ? Inscrivez-vous \u00e0 la newsletter sp\u00e9cifique de Lake Side.. Nous vous y informons des prochaines interventions, des nuisances pr\u00e9vues et des \u00e9tapes cl\u00e9s du projet.<\/p>\n","protected":false},"featured_media":3348,"menu_order":0,"template":"","format":"standard","meta":{"_acf_changed":false,"_et_pb_use_builder":"on","_et_pb_old_content":"","_et_gb_content_width":"","inline_featured_image":false,"_links_to":"","_links_to_target":""},"werf-category":[21],"class_list":["post-3401","werf","type-werf","status-publish","format-standard","has-post-thumbnail","hentry","werf-category-werf"],"acf":[],"yoast_head":"<!-- This site is optimized with the Yoast SEO plugin v27.5 - https:\/\/yoast.com\/product\/yoast-seo-wordpress\/ -->\n<title>\u00c0 partir du 21 mai : modification de la circulation : parking P3 Anna Boch - Lakeside Brussels<\/title>\n<meta name=\"robots\" content=\"index, follow, max-snippet:-1, max-image-preview:large, max-video-preview:-1\" \/>\n<link rel=\"canonical\" href=\"https:\/\/www.lakeside.brussels\/fr\/werf\/a-partir-du-21-mai-modification-de-la-circulation-parking-p3-anna-boch\/\" \/>\n<meta property=\"og:locale\" content=\"fr_FR\" \/>\n<meta property=\"og:type\" content=\"article\" \/>\n<meta property=\"og:title\" content=\"\u00c0 partir du 21 mai : modification de la circulation : parking P3 Anna Boch - Lakeside Brussels\" \/>\n<meta property=\"og:description\" content=\"La circulation vers et depuis le parking P3 Anna Boch sera l\u00e9g\u00e8rement modifi\u00e9e. Le parking conserve son entr\u00e9e actuelle. La sortie sera temporairement d\u00e9vi\u00e9e par le niveau 0, au 86 Havenlaan. \u00c0 l&#039;issue de cette phase de chantier, qui devrait s&#039;\u00e9tendre jusqu&#039;\u00e0 fin septembre 2026, les acc\u00e8s seront r\u00e9tablis dans leur configuration d&#039;origine. Toujours rester inform\u00e9 des mises \u00e0 jour concernant Lake Side ? Inscrivez-vous \u00e0 la newsletter sp\u00e9cifique de Lake Side.. Nous vous y informons des prochaines interventions, des nuisances pr\u00e9vues et des \u00e9tapes cl\u00e9s du projet.\" \/>\n<meta property=\"og:url\" content=\"https:\/\/www.lakeside.brussels\/fr\/werf\/a-partir-du-21-mai-modification-de-la-circulation-parking-p3-anna-boch\/\" \/>\n<meta property=\"og:site_name\" content=\"Lakeside Brussels\" \/>\n<meta property=\"article:modified_time\" content=\"2026-04-29T11:29:46+00:00\" \/>\n<meta property=\"og:image\" content=\"https:\/\/www.lakeside.brussels\/wp-content\/uploads\/2026\/04\/Foto-artikel-3_1200x1472.jpg\" \/>\n\t<meta property=\"og:image:width\" content=\"1200\" \/>\n\t<meta property=\"og:image:height\" content=\"1472\" \/>\n\t<meta property=\"og:image:type\" content=\"image\/jpeg\" \/>\n<meta name=\"twitter:card\" content=\"summary_large_image\" \/>\n<meta name=\"twitter:label1\" content=\"Dur\u00e9e de lecture estim\u00e9e\" \/>\n\t<meta name=\"twitter:data1\" content=\"1 minute\" \/>\n<script type=\"application\/ld+json\" class=\"yoast-schema-graph\">{\"@context\":\"https:\\\/\\\/schema.org\",\"@graph\":[{\"@type\":\"WebPage\",\"@id\":\"https:\\\/\\\/www.lakeside.brussels\\\/fr\\\/werf\\\/a-partir-du-21-mai-modification-de-la-circulation-parking-p3-anna-boch\\\/\",\"url\":\"https:\\\/\\\/www.lakeside.brussels\\\/fr\\\/werf\\\/a-partir-du-21-mai-modification-de-la-circulation-parking-p3-anna-boch\\\/\",\"name\":\"\u00c0 partir du 21 mai : modification de la circulation : parking P3 Anna Boch - Lakeside Brussels\",\"isPartOf\":{\"@id\":\"https:\\\/\\\/www.lakeside.brussels\\\/fr\\\/#website\"},\"primaryImageOfPage\":{\"@id\":\"https:\\\/\\\/www.lakeside.brussels\\\/fr\\\/werf\\\/a-partir-du-21-mai-modification-de-la-circulation-parking-p3-anna-boch\\\/#primaryimage\"},\"image\":{\"@id\":\"https:\\\/\\\/www.lakeside.brussels\\\/fr\\\/werf\\\/a-partir-du-21-mai-modification-de-la-circulation-parking-p3-anna-boch\\\/#primaryimage\"},\"thumbnailUrl\":\"https:\\\/\\\/www.lakeside.brussels\\\/wp-content\\\/uploads\\\/2026\\\/04\\\/Foto-artikel-3_1200x1472.jpg\",\"datePublished\":\"2026-04-28T11:19:13+00:00\",\"dateModified\":\"2026-04-29T11:29:46+00:00\",\"breadcrumb\":{\"@id\":\"https:\\\/\\\/www.lakeside.brussels\\\/fr\\\/werf\\\/a-partir-du-21-mai-modification-de-la-circulation-parking-p3-anna-boch\\\/#breadcrumb\"},\"inLanguage\":\"fr-FR\",\"potentialAction\":[{\"@type\":\"ReadAction\",\"target\":[\"https:\\\/\\\/www.lakeside.brussels\\\/fr\\\/werf\\\/a-partir-du-21-mai-modification-de-la-circulation-parking-p3-anna-boch\\\/\"]}]},{\"@type\":\"ImageObject\",\"inLanguage\":\"fr-FR\",\"@id\":\"https:\\\/\\\/www.lakeside.brussels\\\/fr\\\/werf\\\/a-partir-du-21-mai-modification-de-la-circulation-parking-p3-anna-boch\\\/#primaryimage\",\"url\":\"https:\\\/\\\/www.lakeside.brussels\\\/wp-content\\\/uploads\\\/2026\\\/04\\\/Foto-artikel-3_1200x1472.jpg\",\"contentUrl\":\"https:\\\/\\\/www.lakeside.brussels\\\/wp-content\\\/uploads\\\/2026\\\/04\\\/Foto-artikel-3_1200x1472.jpg\",\"width\":1200,\"height\":1472},{\"@type\":\"BreadcrumbList\",\"@id\":\"https:\\\/\\\/www.lakeside.brussels\\\/fr\\\/werf\\\/a-partir-du-21-mai-modification-de-la-circulation-parking-p3-anna-boch\\\/#breadcrumb\",\"itemListElement\":[{\"@type\":\"ListItem\",\"position\":1,\"name\":\"Home\",\"item\":\"https:\\\/\\\/www.lakeside.brussels\\\/\"},{\"@type\":\"ListItem\",\"position\":2,\"name\":\"\u00c0 partir du 21 mai : modification de la circulation : parking P3 Anna Boch\"}]},{\"@type\":\"WebSite\",\"@id\":\"https:\\\/\\\/www.lakeside.brussels\\\/fr\\\/#website\",\"url\":\"https:\\\/\\\/www.lakeside.brussels\\\/fr\\\/\",\"name\":\"Lakeside Brussels\",\"description\":\"Informatieplatform van de toekomstbuurt op Tour&amp;Taxis\",\"publisher\":{\"@id\":\"https:\\\/\\\/www.lakeside.brussels\\\/fr\\\/#organization\"},\"potentialAction\":[{\"@type\":\"SearchAction\",\"target\":{\"@type\":\"EntryPoint\",\"urlTemplate\":\"https:\\\/\\\/www.lakeside.brussels\\\/fr\\\/?s={search_term_string}\"},\"query-input\":{\"@type\":\"PropertyValueSpecification\",\"valueRequired\":true,\"valueName\":\"search_term_string\"}}],\"inLanguage\":\"fr-FR\"},{\"@type\":\"Organization\",\"@id\":\"https:\\\/\\\/www.lakeside.brussels\\\/fr\\\/#organization\",\"name\":\"Lakeside Brussels\",\"url\":\"https:\\\/\\\/www.lakeside.brussels\\\/fr\\\/\",\"logo\":{\"@type\":\"ImageObject\",\"inLanguage\":\"fr-FR\",\"@id\":\"https:\\\/\\\/www.lakeside.brussels\\\/fr\\\/#\\\/schema\\\/logo\\\/image\\\/\",\"url\":\"https:\\\/\\\/www.lakeside.brussels\\\/wp-content\\\/uploads\\\/2023\\\/04\\\/Areal-view-scaled.jpg\",\"contentUrl\":\"https:\\\/\\\/www.lakeside.brussels\\\/wp-content\\\/uploads\\\/2023\\\/04\\\/Areal-view-scaled.jpg\",\"width\":2560,\"height\":1539,\"caption\":\"Lakeside Brussels\"},\"image\":{\"@id\":\"https:\\\/\\\/www.lakeside.brussels\\\/fr\\\/#\\\/schema\\\/logo\\\/image\\\/\"}}]}<\/script>\n<!-- \/ Yoast SEO plugin. -->","yoast_head_json":{"title":"\u00c0 partir du 21 mai : modification de la circulation : parking P3 Anna Boch - Lakeside Brussels","robots":{"index":"index","follow":"follow","max-snippet":"max-snippet:-1","max-image-preview":"max-image-preview:large","max-video-preview":"max-video-preview:-1"},"canonical":"https:\/\/www.lakeside.brussels\/fr\/werf\/a-partir-du-21-mai-modification-de-la-circulation-parking-p3-anna-boch\/","og_locale":"fr_FR","og_type":"article","og_title":"\u00c0 partir du 21 mai : modification de la circulation : parking P3 Anna Boch - Lakeside Brussels","og_description":"La circulation vers et depuis le parking P3 Anna Boch sera l\u00e9g\u00e8rement modifi\u00e9e. Le parking conserve son entr\u00e9e actuelle. La sortie sera temporairement d\u00e9vi\u00e9e par le niveau 0, au 86 Havenlaan. \u00c0 l'issue de cette phase de chantier, qui devrait s'\u00e9tendre jusqu'\u00e0 fin septembre 2026, les acc\u00e8s seront r\u00e9tablis dans leur configuration d'origine. Toujours rester inform\u00e9 des mises \u00e0 jour concernant Lake Side ? Inscrivez-vous \u00e0 la newsletter sp\u00e9cifique de Lake Side.. Nous vous y informons des prochaines interventions, des nuisances pr\u00e9vues et des \u00e9tapes cl\u00e9s du projet.","og_url":"https:\/\/www.lakeside.brussels\/fr\/werf\/a-partir-du-21-mai-modification-de-la-circulation-parking-p3-anna-boch\/","og_site_name":"Lakeside Brussels","article_modified_time":"2026-04-29T11:29:46+00:00","og_image":[{"width":1200,"height":1472,"url":"https:\/\/www.lakeside.brussels\/wp-content\/uploads\/2026\/04\/Foto-artikel-3_1200x1472.jpg","type":"image\/jpeg"}],"twitter_card":"summary_large_image","twitter_misc":{"Dur\u00e9e de lecture estim\u00e9e":"1 minute"},"schema":{"@context":"https:\/\/schema.org","@graph":[{"@type":"WebPage","@id":"https:\/\/www.lakeside.brussels\/fr\/werf\/a-partir-du-21-mai-modification-de-la-circulation-parking-p3-anna-boch\/","url":"https:\/\/www.lakeside.brussels\/fr\/werf\/a-partir-du-21-mai-modification-de-la-circulation-parking-p3-anna-boch\/","name":"\u00c0 partir du 21 mai : modification de la circulation : parking P3 Anna Boch - Lakeside Brussels","isPartOf":{"@id":"https:\/\/www.lakeside.brussels\/fr\/#website"},"primaryImageOfPage":{"@id":"https:\/\/www.lakeside.brussels\/fr\/werf\/a-partir-du-21-mai-modification-de-la-circulation-parking-p3-anna-boch\/#primaryimage"},"image":{"@id":"https:\/\/www.lakeside.brussels\/fr\/werf\/a-partir-du-21-mai-modification-de-la-circulation-parking-p3-anna-boch\/#primaryimage"},"thumbnailUrl":"https:\/\/www.lakeside.brussels\/wp-content\/uploads\/2026\/04\/Foto-artikel-3_1200x1472.jpg","datePublished":"2026-04-28T11:19:13+00:00","dateModified":"2026-04-29T11:29:46+00:00","breadcrumb":{"@id":"https:\/\/www.lakeside.brussels\/fr\/werf\/a-partir-du-21-mai-modification-de-la-circulation-parking-p3-anna-boch\/#breadcrumb"},"inLanguage":"fr-FR","potentialAction":[{"@type":"ReadAction","target":["https:\/\/www.lakeside.brussels\/fr\/werf\/a-partir-du-21-mai-modification-de-la-circulation-parking-p3-anna-boch\/"]}]},{"@type":"ImageObject","inLanguage":"fr-FR","@id":"https:\/\/www.lakeside.brussels\/fr\/werf\/a-partir-du-21-mai-modification-de-la-circulation-parking-p3-anna-boch\/#primaryimage","url":"https:\/\/www.lakeside.brussels\/wp-content\/uploads\/2026\/04\/Foto-artikel-3_1200x1472.jpg","contentUrl":"https:\/\/www.lakeside.brussels\/wp-content\/uploads\/2026\/04\/Foto-artikel-3_1200x1472.jpg","width":1200,"height":1472},{"@type":"BreadcrumbList","@id":"https:\/\/www.lakeside.brussels\/fr\/werf\/a-partir-du-21-mai-modification-de-la-circulation-parking-p3-anna-boch\/#breadcrumb","itemListElement":[{"@type":"ListItem","position":1,"name":"Home","item":"https:\/\/www.lakeside.brussels\/"},{"@type":"ListItem","position":2,"name":"\u00c0 partir du 21 mai : modification de la circulation : parking P3 Anna Boch"}]},{"@type":"WebSite","@id":"https:\/\/www.lakeside.brussels\/fr\/#website","url":"https:\/\/www.lakeside.brussels\/fr\/","name":"Lakeside Brussels","description":"Informatieplatform van de toekomstbuurt op Tour&amp;Taxis","publisher":{"@id":"https:\/\/www.lakeside.brussels\/fr\/#organization"},"potentialAction":[{"@type":"SearchAction","target":{"@type":"EntryPoint","urlTemplate":"https:\/\/www.lakeside.brussels\/fr\/?s={search_term_string}"},"query-input":{"@type":"PropertyValueSpecification","valueRequired":true,"valueName":"search_term_string"}}],"inLanguage":"fr-FR"},{"@type":"Organization","@id":"https:\/\/www.lakeside.brussels\/fr\/#organization","name":"Lakeside Brussels","url":"https:\/\/www.lakeside.brussels\/fr\/","logo":{"@type":"ImageObject","inLanguage":"fr-FR","@id":"https:\/\/www.lakeside.brussels\/fr\/#\/schema\/logo\/image\/","url":"https:\/\/www.lakeside.brussels\/wp-content\/uploads\/2023\/04\/Areal-view-scaled.jpg","contentUrl":"https:\/\/www.lakeside.brussels\/wp-content\/uploads\/2023\/04\/Areal-view-scaled.jpg","width":2560,"height":1539,"caption":"Lakeside Brussels"},"image":{"@id":"https:\/\/www.lakeside.brussels\/fr\/#\/schema\/logo\/image\/"}}]}},"_links":{"self":[{"href":"https:\/\/www.lakeside.brussels\/fr\/wp-json\/wp\/v2\/werf\/3401","targetHints":{"allow":["GET"]}}],"collection":[{"href":"https:\/\/www.lakeside.brussels\/fr\/wp-json\/wp\/v2\/werf"}],"about":[{"href":"https:\/\/www.lakeside.brussels\/fr\/wp-json\/wp\/v2\/types\/werf"}],"wp:featuredmedia":[{"embeddable":true,"href":"https:\/\/www.lakeside.brussels\/fr\/wp-json\/wp\/v2\/media\/3348"}],"wp:attachment":[{"href":"https:\/\/www.lakeside.brussels\/fr\/wp-json\/wp\/v2\/media?parent=3401"}],"wp:term":[{"taxonomy":"werf-category","embeddable":true,"href":"https:\/\/www.lakeside.brussels\/fr\/wp-json\/wp\/v2\/werf-category?post=3401"}],"curies":[{"name":"wp","href":"https:\/\/api.w.org\/{rel}","templated":true}]}}